{"id":2003,"date":"2022-01-19T10:21:54","date_gmt":"2022-01-19T08:21:54","guid":{"rendered":"http:\/\/www.xn--tyvenmuseo-s5a8s.fi\/samlingar\/om-samlingarna\/"},"modified":"2025-12-08T14:10:53","modified_gmt":"2025-12-08T12:10:53","slug":"om-samlingarna","status":"publish","type":"page","link":"https:\/\/www.tyovaenmuseo.fi\/sv\/samlingar\/om-samlingarna\/","title":{"rendered":"Om samlingarna"},"content":{"rendered":"<p>[et_pb_section fb_built=&#8221;1&#8243; fullwidth=&#8221;on&#8221; _builder_version=&#8221;4.13.1&#8243; _module_preset=&#8221;default&#8221; global_colors_info=&#8221;{}&#8221;][et_pb_fullwidth_header title=&#8221;@ET-DC@eyJkeW5hbWljIjp0cnVlLCJjb250ZW50IjoicG9zdF9saW5rIiwic2V0dGluZ3MiOnsiYmVmb3JlIjoiIiwiYWZ0ZXIiOiIiLCJ0ZXh0IjoicG9zdF90aXRsZSIsImN1c3RvbV90ZXh0IjoiIn19@&#8221; text_orientation=&#8221;center&#8221; _builder_version=&#8221;4.14.1&#8243; _dynamic_attributes=&#8221;title&#8221; _module_preset=&#8221;default&#8221; title_font=&#8221;Interstate Bold|||on|||||&#8221; title_font_size=&#8221;35px&#8221; title_letter_spacing=&#8221;1px&#8221; background_color=&#8221;rgba(10,10,10,0.5)&#8221; background_image=&#8221;https:\/\/www.tyovaenmuseo.fi\/wp-content\/uploads\/2021\/12\/werstas_kokoelmat_tietoa_kokoelmista_header.jpg&#8221; background_blend=&#8221;overlay&#8221; min_height=&#8221;450px&#8221; min_height_tablet=&#8221;450px&#8221; min_height_phone=&#8221;300px&#8221; min_height_last_edited=&#8221;on|phone&#8221; custom_padding=&#8221;200px||||false|false&#8221; custom_padding_tablet=&#8221;200px||||false|false&#8221; custom_padding_phone=&#8221;140px||||false|false&#8221; custom_padding_last_edited=&#8221;on|phone&#8221; title_font_size_tablet=&#8221;35px&#8221; title_font_size_phone=&#8221;25px&#8221; title_font_size_last_edited=&#8221;on|phone&#8221; title_text_shadow_style=&#8221;preset3&#8243; title_text_shadow_blur_strength=&#8221;0.36em&#8221; title_text_shadow_color=&#8221;rgba(0,0,0,0.8)&#8221; global_colors_info=&#8221;{}&#8221;][\/et_pb_fullwidth_header][\/et_pb_section][et_pb_section fb_built=&#8221;1&#8243; next_background_color=&#8221;#ffffff&#8221; _builder_version=&#8221;4.14.1&#8243; _module_preset=&#8221;default&#8221; background_color=&#8221;#f1f1f1&#8243; custom_padding=&#8221;52px||78px|||&#8221; top_divider_style=&#8221;slant&#8221; top_divider_color=&#8221;#93122a&#8221; top_divider_height=&#8221;47px&#8221; top_divider_height_tablet=&#8221;47px&#8221; top_divider_height_phone=&#8221;22px&#8221; top_divider_height_last_edited=&#8221;on|phone&#8221; bottom_divider_style=&#8221;mountains2&#8243; bottom_divider_height=&#8221;71px&#8221; bottom_divider_flip=&#8221;vertical&#8221; global_colors_info=&#8221;{}&#8221;][et_pb_row _builder_version=&#8221;4.14.1&#8243; _module_preset=&#8221;default&#8221; custom_margin=&#8221;40px|auto||auto||&#8221; custom_margin_tablet=&#8221;50px|auto||auto||&#8221; custom_margin_phone=&#8221;20px||||false|false&#8221; custom_margin_last_edited=&#8221;on|phone&#8221; global_colors_info=&#8221;{}&#8221;][et_pb_column type=&#8221;4_4&#8243; _builder_version=&#8221;4.14.1&#8243; _module_preset=&#8221;default&#8221; global_colors_info=&#8221;{}&#8221;][et_pb_text _builder_version=&#8221;4.14.7&#8243; _module_preset=&#8221;default&#8221; text_text_color=&#8221;#4f4237&#8243; text_font_size=&#8221;18px&#8221; text_line_height=&#8221;1.5em&#8221; max_width=&#8221;750px&#8221; text_font_size_tablet=&#8221;18px&#8221; text_font_size_phone=&#8221;16px&#8221; text_font_size_last_edited=&#8221;on|phone&#8221; text_orientation_tablet=&#8221;&#8221; text_orientation_phone=&#8221;center&#8221; text_orientation_last_edited=&#8221;on|phone&#8221; global_colors_info=&#8221;{}&#8221;]<\/p>\n<p><strong>Arbetarmuseet Werstas \u00e4r det nationella ansvarsmuseet f\u00f6r arbetsliv och socialhistoria. Museets samlingar ber\u00e4ttar om det finl\u00e4ndska civilsamh\u00e4llets utveckling och f\u00f6r\u00e4ndringar.<br \/><\/strong><\/p>\n<p>[\/et_pb_text][\/et_pb_column][\/et_pb_row][\/et_pb_section][et_pb_section fb_built=&#8221;1&#8243; _builder_version=&#8221;4.14.1&#8243; _module_preset=&#8221;default&#8221; custom_padding=&#8221;47px||66px|||&#8221; global_colors_info=&#8221;{}&#8221;][et_pb_row column_structure=&#8221;1_2,1_2&#8243; _builder_version=&#8221;4.14.1&#8243; _module_preset=&#8221;default&#8221; global_colors_info=&#8221;{}&#8221;][et_pb_column type=&#8221;1_2&#8243; _builder_version=&#8221;4.14.1&#8243; _module_preset=&#8221;default&#8221; global_colors_info=&#8221;{}&#8221;][et_pb_text _builder_version=&#8221;4.14.7&#8243; _module_preset=&#8221;default&#8221; text_text_color=&#8221;#404040&#8243; link_font=&#8221;|||||||#93122A|&#8221; link_text_color=&#8221;#93122A&#8221; global_colors_info=&#8221;{}&#8221;]<\/p>\n<p>Werstas samlingar knyter an till arbetslivets, fackf\u00f6reningsverksamhetens, arbetarr\u00f6relsens, den kooperativa r\u00f6relsens och andra folkr\u00f6relsers historia. Werstas dokumentationsansvar inkluderar ocks\u00e5 bland annat material om sexuella minoriteter och k\u00f6nsminoriteter och milj\u00f6r\u00f6relsen. Werstas samlingar omfattar \u00e4ven samlingarna i D\u00f6vas museum d\u00e4r de teckenspr\u00e5kigas historia f\u00f6rvaras samt samlingarna i Nootti, museet om Finlands relationer till Ryssland, som anknyter till relationernas historia mellan Finland och Ryssland\/Sovjetunionen.<\/p>\n<p>Museets samlingar omfattar omkring 60 000 f\u00f6rem\u00e5l och 360 000 fotografier. Museet har ocks\u00e5 ett bibliotek, sm\u00e5tryck och arkivmaterial. De \u00e4ldsta materialen i samlingarna h\u00e4rstammar fr\u00e5n b\u00f6rjan av 1800-talet och de nyaste fr\u00e5n 2020-talet.<\/p>\n<p>[\/et_pb_text][\/et_pb_column][et_pb_column type=&#8221;1_2&#8243; _builder_version=&#8221;4.14.1&#8243; _module_preset=&#8221;default&#8221; global_colors_info=&#8221;{}&#8221;][et_pb_image src=&#8221;https:\/\/www.tyovaenmuseo.fi\/wp-content\/uploads\/2021\/12\/werstas_kokoelmat_osuustoiminta_mottitalkoiden_kahvitauko_kuvanro66379.jpg&#8221; title_text=&#8221;werstas_kokoelmat_osuustoiminta_mottitalkoiden_kahvitauko_kuvanro66379&#8243; _builder_version=&#8221;4.14.1&#8243; _module_preset=&#8221;default&#8221; custom_margin=&#8221;|||16px||&#8221; custom_margin_tablet=&#8221;20px|||0px|false|false&#8221; custom_margin_phone=&#8221;20px|||0px|false|false&#8221; custom_margin_last_edited=&#8221;on|tablet&#8221; global_colors_info=&#8221;{}&#8221;][\/et_pb_image][\/et_pb_column][\/et_pb_row][\/et_pb_section][et_pb_section fb_built=&#8221;1&#8243; _builder_version=&#8221;4.14.1&#8243; _module_preset=&#8221;default&#8221; background_color=&#8221;#f1f1f1&#8243; custom_padding=&#8221;||67px|||&#8221; global_colors_info=&#8221;{}&#8221;][et_pb_row _builder_version=&#8221;4.14.1&#8243; _module_preset=&#8221;default&#8221; global_colors_info=&#8221;{}&#8221;][et_pb_column type=&#8221;4_4&#8243; _builder_version=&#8221;4.14.1&#8243; _module_preset=&#8221;default&#8221; global_colors_info=&#8221;{}&#8221;][et_pb_text _builder_version=&#8221;4.14.1&#8243; _module_preset=&#8221;default&#8221; header_2_font=&#8221;Interstate||||||||&#8221; header_2_text_color=&#8221;#93122a&#8221; header_2_letter_spacing=&#8221;1px&#8221; custom_margin=&#8221;||55px|||&#8221; global_colors_info=&#8221;{}&#8221;]<\/p>\n<h2><strong>Werstas \u00e4r det enda museet i Finland som dokumenterar f\u00f6ljande objekt<\/strong><\/h2>\n<hr style=\"height: 4px; background-color: #4f4237; border: none; width: 45px; float: left;\">[\/et_pb_text][et_pb_text _builder_version=&#8221;4.14.7&#8243; _module_preset=&#8221;default&#8221; text_text_color=&#8221;#404040&#8243; max_width=&#8221;750px&#8221; global_colors_info=&#8221;{}&#8221;]<\/p>\n<ul>\n<li>Konsumenternas kooperativa r\u00f6relse och aff\u00e4rsverksamhet<\/li>\n<li>Relationerna mellan Finland och Ryssland\/Sovjetunionen<\/li>\n<li>Fackf\u00f6reningsr\u00f6relsen<\/li>\n<li>U-landsr\u00f6relsen<\/li>\n<li>Kvinnosaksr\u00f6relsen<\/li>\n<li>Den politiska arbetarr\u00f6relsen<\/li>\n<li>Verksamhet mot rasism<\/li>\n<li>Fredsr\u00f6relsen<\/li>\n<li>Milj\u00f6r\u00f6relsen<\/li>\n<li>Sexuella minoriteter och k\u00f6nsminoriteter<\/li>\n<li>Arbetarbefolkningens kulturverksamhet<\/li>\n<li>Teckenspr\u00e5kiga<\/li>\n<li>Arbetslivets kvalitet<\/li>\n<li>Arbetss\u00e4kerhet<\/li>\n<li>Arbetsl\u00f6shet<\/li>\n<\/ul>\n<p>[\/et_pb_text][\/et_pb_column][\/et_pb_row][\/et_pb_section][et_pb_section fb_built=&#8221;1&#8243; _builder_version=&#8221;4.14.6&#8243; _module_preset=&#8221;default&#8221; global_colors_info=&#8221;{}&#8221;][et_pb_row _builder_version=&#8221;4.14.6&#8243; _module_preset=&#8221;default&#8221; global_colors_info=&#8221;{}&#8221;][et_pb_column type=&#8221;4_4&#8243; _builder_version=&#8221;4.14.6&#8243; _module_preset=&#8221;default&#8221; global_colors_info=&#8221;{}&#8221;][et_pb_text _builder_version=&#8221;4.14.6&#8243; _module_preset=&#8221;default&#8221; header_2_font=&#8221;Interstate||||||||&#8221; header_2_text_color=&#8221;#93122a&#8221; header_2_letter_spacing=&#8221;1px&#8221; custom_margin=&#8221;||55px|||&#8221; global_colors_info=&#8221;{}&#8221;]<\/p>\n<h2><strong>Samarbete och historietj\u00e4nster<\/strong><\/h2>\n<hr style=\"height: 4px; background-color: #4f4237; border: none; width: 45px; float: left;\" \/>[\/et_pb_text][et_pb_text _builder_version=&#8221;4.14.7&#8243; _module_preset=&#8221;default&#8221; text_text_color=&#8221;#404040&#8243; link_font=&#8221;|700|||||||&#8221; link_text_color=&#8221;#93122A&#8221; max_width=&#8221;750px&#8221; global_colors_info=&#8221;{}&#8221;]<\/p>\n<p><span style=\"font-weight: 400;\">Werstas samarbetar med andra museer, arbetarhistoriska institutioner och vetenskapssamh\u00e4llet. Vi erbjuder ocks\u00e5 historietj\u00e4nster f\u00f6r samfund, bland annat historiska \u00f6versikter, redog\u00f6relser och jubileumsutst\u00e4llningar.<\/span><\/p>\n<p><span style=\"font-weight: 400;\">Internationellt tillh\u00f6r Werstas de europeiska arbetarhistoriska institutionerna och arbetarmuseerna. Werstas deltar till exempel i n\u00e4tverken Worklab och IALHI verksamhet. D\u00f6vas museum har sina egna n\u00e4tverk som Werstas deltar i.<\/span><\/p>\n<p><span style=\"font-weight: 400;\">L\u00e4s mer om samarbetsorganisationen f\u00f6r arbetarmuseer Worklabs verksamhet<\/span><\/p>\n<p><a href=\"http:\/\/www.ialhi.org\/\"><span style=\"font-weight: 400;\">L\u00e4s mer om IALHI:s verksamhet<\/span><\/a><\/p>\n<p><span style=\"font-weight: 400;\">Werstas samarbetar aktivt med finl\u00e4ndska arbetarhistoriska institutioner. Werstas deltar bland annat i publiceringen av \u00e5rsboken f\u00f6r arbetarforskning, och det \u00e5rliga sommarseminariet av Ty\u00f6v\u00e4en historian ja perinteen tutkimuksen seura anordnas p\u00e5 Werstas.<\/span><\/p>\n<p>[\/et_pb_text][\/et_pb_column][\/et_pb_row][et_pb_row _builder_version=&#8221;4.14.6&#8243; _module_preset=&#8221;default&#8221; global_colors_info=&#8221;{}&#8221;][et_pb_column type=&#8221;4_4&#8243; _builder_version=&#8221;4.14.6&#8243; _module_preset=&#8221;default&#8221; global_colors_info=&#8221;{}&#8221;][et_pb_text _builder_version=&#8221;4.14.6&#8243; _module_preset=&#8221;default&#8221; header_2_font=&#8221;Interstate||||||||&#8221; header_2_text_color=&#8221;#93122a&#8221; header_2_letter_spacing=&#8221;1px&#8221; custom_margin=&#8221;||55px|||&#8221; global_colors_info=&#8221;{}&#8221;]<\/p>\n<h2><strong>Arbetarhistoriska institutioner i Finland<\/strong><\/h2>\n<hr style=\"height: 4px; background-color: #4f4237; border: none; width: 45px; float: left;\" \/>[\/et_pb_text][et_pb_text _builder_version=&#8221;4.14.7&#8243; _module_preset=&#8221;default&#8221; text_text_color=&#8221;#404040&#8243; global_colors_info=&#8221;{}&#8221;]<\/p>\n<p>Folkets arkiv<br \/>Arbetarr\u00f6relsens bibliotek<br \/>Arbetararkivet<br \/>Ty\u00f6v\u00e4en historian ja perinteen tutkimuksen seura<br \/>Ty\u00f6v\u00e4en muistitietotoimikunta<br \/>Arbetarmuseet Werstas<br \/>Ty\u00f6v\u00e4enperinne ry \u2013 Arbetartradition rf<\/p>\n<p>[\/et_pb_text][\/et_pb_column][\/et_pb_row][\/et_pb_section][et_pb_section fb_built=&#8221;1&#8243; _builder_version=&#8221;4.14.6&#8243; _module_preset=&#8221;default&#8221; background_color=&#8221;#F1F1F1&#8243; custom_padding=&#8221;75px||75px|||&#8221; global_colors_info=&#8221;{}&#8221;][et_pb_row column_structure=&#8221;1_2,1_2&#8243; _builder_version=&#8221;4.14.1&#8243; _module_preset=&#8221;default&#8221; global_colors_info=&#8221;{}&#8221;][et_pb_column type=&#8221;1_2&#8243; _builder_version=&#8221;4.14.1&#8243; _module_preset=&#8221;default&#8221; global_colors_info=&#8221;{}&#8221;][et_pb_text _builder_version=&#8221;4.14.1&#8243; _module_preset=&#8221;default&#8221; header_2_font=&#8221;Interstate||||||||&#8221; header_2_text_color=&#8221;#93122a&#8221; header_2_letter_spacing=&#8221;1px&#8221; custom_margin=&#8221;||55px|||&#8221; global_colors_info=&#8221;{}&#8221;]<\/p>\n<h2><strong>LHBTIQ <\/strong><\/h2>\n<hr style=\"height: 4px; background-color: #4f4237; border: none; width: 45px; float: left;\">[\/et_pb_text][et_pb_text _builder_version=&#8221;4.14.1&#8243; _module_preset=&#8221;default&#8221; text_text_color=&#8221;#404040&#8243; link_text_color=&#8221;#93122a&#8221; max_width=&#8221;750px&#8221; custom_margin=&#8221;||50px|||&#8221; global_colors_info=&#8221;{}&#8221;]<\/p>\n<p>Arbetarmuseet Werstas har det nationella ansvaret f\u00f6r dokumenteringen av finl\u00e4ndska sexuella minoriteters och k\u00f6nsminoriteters historia. Werstas har ocks\u00e5 den enda LHBTQI-museisamlingen i Finland. <\/p>\n<p>[\/et_pb_text][et_pb_button button_url=&#8221;@ET-DC@eyJkeW5hbWljIjp0cnVlLCJjb250ZW50IjoicG9zdF9saW5rX3VybF9wYWdlIiwic2V0dGluZ3MiOnsicG9zdF9pZCI6IjY1NyJ9fQ==@&#8221; button_text=&#8221;L\u00e4s mer&#8221; _builder_version=&#8221;4.14.1&#8243; _dynamic_attributes=&#8221;button_url&#8221; _module_preset=&#8221;default&#8221; custom_button=&#8221;on&#8221; button_text_color=&#8221;#FFFFFF&#8221; button_bg_color=&#8221;#93122a&#8221; button_border_width=&#8221;0px&#8221; button_border_radius=&#8221;0px&#8221; button_font=&#8221;|700|||||||&#8221; locked=&#8221;off&#8221; global_colors_info=&#8221;{}&#8221;][\/et_pb_button][\/et_pb_column][et_pb_column type=&#8221;1_2&#8243; _builder_version=&#8221;4.14.1&#8243; _module_preset=&#8221;default&#8221; global_colors_info=&#8221;{}&#8221;][et_pb_image src=&#8221;https:\/\/www.tyovaenmuseo.fi\/wp-content\/uploads\/2021\/12\/Werstas_kokoelmat_lhbt.jpg&#8221; title_text=&#8221;Werstas_kokoelmat_lhbt&#8221; _builder_version=&#8221;4.14.1&#8243; _module_preset=&#8221;default&#8221; custom_margin=&#8221;|||29px||&#8221; custom_margin_tablet=&#8221;20px|||0px|false|false&#8221; custom_margin_phone=&#8221;20px|||0px|false|false&#8221; custom_margin_last_edited=&#8221;on|tablet&#8221; global_colors_info=&#8221;{}&#8221;][\/et_pb_image][\/et_pb_column][\/et_pb_row][\/et_pb_section][et_pb_section fb_built=&#8221;1&#8243; _builder_version=&#8221;4.14.7&#8243; _module_preset=&#8221;default&#8221; background_enable_color=&#8221;off&#8221; custom_padding=&#8221;75px||75px|||&#8221; global_colors_info=&#8221;{}&#8221;][et_pb_row column_structure=&#8221;1_2,1_2&#8243; _builder_version=&#8221;4.14.1&#8243; _module_preset=&#8221;default&#8221; global_colors_info=&#8221;{}&#8221;][et_pb_column type=&#8221;1_2&#8243; _builder_version=&#8221;4.14.1&#8243; _module_preset=&#8221;default&#8221; global_colors_info=&#8221;{}&#8221;][et_pb_text _builder_version=&#8221;4.14.7&#8243; _module_preset=&#8221;default&#8221; header_2_font=&#8221;Interstate||||||||&#8221; header_2_text_color=&#8221;#93122a&#8221; header_2_letter_spacing=&#8221;1px&#8221; custom_margin=&#8221;||55px|||&#8221; global_colors_info=&#8221;{}&#8221;]<\/p>\n<h2><strong>G\u00f6r historia av ditt arbete!<\/strong><\/h2>\n<hr style=\"height: 4px; background-color: #4f4237; border: none; width: 45px; float: left;\" \/>[\/et_pb_text][et_pb_text _builder_version=&#8221;4.14.7&#8243; _module_preset=&#8221;default&#8221; text_text_color=&#8221;#404040&#8243; link_text_color=&#8221;#93122a&#8221; max_width=&#8221;750px&#8221; custom_margin=&#8221;||50px|||&#8221; global_colors_info=&#8221;{}&#8221;]<\/p>\n<p>Arbetarmuseet Werstas samlar fotografier p\u00e5 arbetslivet i 2020-talets Finland. En bild p\u00e5 en helt vanlig arbetsdag \u00e4r viktig!<\/p>\n<p>V\u00e4nligen ladda upp bilden i full storlek. Om du vill donera flera bilder, kontakta Werstas samlingschef Leena Ahonen.<\/p>\n<p>[\/et_pb_text][et_pb_button button_url=&#8221;@ET-DC@eyJkeW5hbWljIjp0cnVlLCJjb250ZW50IjoicG9zdF9saW5rX3VybF9wYWdlIiwic2V0dGluZ3MiOnsicG9zdF9pZCI6IjIwMTgifX0=@&#8221; button_text=&#8221;Donera en bild h\u00e4r&#8221; _builder_version=&#8221;4.14.7&#8243; _dynamic_attributes=&#8221;button_url&#8221; _module_preset=&#8221;default&#8221; custom_button=&#8221;on&#8221; button_text_color=&#8221;#FFFFFF&#8221; button_bg_color=&#8221;#93122a&#8221; button_border_width=&#8221;0px&#8221; button_border_radius=&#8221;0px&#8221; button_font=&#8221;|700|||||||&#8221; locked=&#8221;off&#8221; global_colors_info=&#8221;{}&#8221;][\/et_pb_button][\/et_pb_column][et_pb_column type=&#8221;1_2&#8243; _builder_version=&#8221;4.14.1&#8243; _module_preset=&#8221;default&#8221; global_colors_info=&#8221;{}&#8221;][\/et_pb_column][\/et_pb_row][\/et_pb_section][et_pb_section fb_built=&#8221;1&#8243; _builder_version=&#8221;4.14.6&#8243; _module_preset=&#8221;default&#8221; global_colors_info=&#8221;{}&#8221;][et_pb_row _builder_version=&#8221;4.14.6&#8243; _module_preset=&#8221;default&#8221; global_colors_info=&#8221;{}&#8221;][et_pb_column type=&#8221;4_4&#8243; _builder_version=&#8221;4.14.6&#8243; _module_preset=&#8221;default&#8221; global_colors_info=&#8221;{}&#8221;][et_pb_text _builder_version=&#8221;4.14.6&#8243; _module_preset=&#8221;default&#8221; header_2_font=&#8221;Interstate||||||||&#8221; header_2_text_color=&#8221;#93122a&#8221; header_2_letter_spacing=&#8221;1px&#8221; custom_margin=&#8221;||55px|||&#8221; global_colors_info=&#8221;{}&#8221;]<\/p>\n<h2><strong>Mer information:<\/strong><\/h2>\n<hr style=\"height: 4px; background-color: #4f4237; border: none; width: 45px; float: left;\">[\/et_pb_text][et_pb_text _builder_version=&#8221;4.14.6&#8243; _module_preset=&#8221;default&#8221; text_text_color=&#8221;#404040&#8243; text_line_height=&#8221;2em&#8221; global_colors_info=&#8221;{}&#8221;]<\/p>\n<p><strong>Leena Ahonen, Samlingschef<br \/><\/strong><\/p>\n<p>[\/et_pb_text][et_pb_blurb use_icon=&#8221;on&#8221; font_icon=&#8221;&#xe090;||divi||400&#8243; icon_color=&#8221;#93122A&#8221; icon_placement=&#8221;left&#8221; content_max_width=&#8221;100%&#8221; _builder_version=&#8221;4.14.6&#8243; _module_preset=&#8221;default&#8221; body_link_text_color=&#8221;#404040&#8243; global_colors_info=&#8221;{}&#8221;]<\/p>\n<p><a href=\"tel:+358104209225\">+358 10 420 9225<\/a>, <a href=\"tel:+358504401164\">+358 50 440 1164<\/a><\/p>\n<p>[\/et_pb_blurb][et_pb_blurb use_icon=&#8221;on&#8221; font_icon=&#8221;&#xe010;||divi||400&#8243; icon_color=&#8221;#93122A&#8221; icon_placement=&#8221;left&#8221; content_max_width=&#8221;100%&#8221; _builder_version=&#8221;4.14.6&#8243; _module_preset=&#8221;default&#8221; body_link_text_color=&#8221;#404040&#8243; global_colors_info=&#8221;{}&#8221;]<\/p>\n<p><a href=\"mailto:leena.ahonen@tyovaenmuseo.fi\">leena.ahonen@tyovaenmuseo.fi<\/a><\/p>\n<p>[\/et_pb_blurb][\/et_pb_column][\/et_pb_row][\/et_pb_section]<\/p>\n","protected":false},"excerpt":{"rendered":"<p>Arbetarmuseet Werstas \u00e4r det nationella ansvarsmuseet f\u00f6r arbetsliv och socialhistoria. Museets samlingar ber\u00e4ttar om det finl\u00e4ndska civilsamh\u00e4llets utveckling och f\u00f6r\u00e4ndringar.Werstas samlingar knyter an till arbetslivets, fackf\u00f6reningsverksamhetens, arbetarr\u00f6relsens, den kooperativa r\u00f6relsens och andra folkr\u00f6relsers historia. Werstas dokumentationsansvar inkluderar ocks\u00e5 bland annat material om sexuella minoriteter och k\u00f6nsminoriteter och milj\u00f6r\u00f6relsen. Werstas samlingar omfattar \u00e4ven samlingarna i D\u00f6vas [&hellip;]<\/p>\n","protected":false},"author":1,"featured_media":0,"parent":1985,"menu_order":0,"comment_status":"closed","ping_status":"closed","template":"","meta":{"_et_pb_use_builder":"on","_et_pb_old_content":"","_et_gb_content_width":"","footnotes":""},"class_list":["post-2003","page","type-page","status-publish","hentry"],"_links":{"self":[{"href":"https:\/\/www.tyovaenmuseo.fi\/sv\/wp-json\/wp\/v2\/pages\/2003","targetHints":{"allow":["GET"]}}],"collection":[{"href":"https:\/\/www.tyovaenmuseo.fi\/sv\/wp-json\/wp\/v2\/pages"}],"about":[{"href":"https:\/\/www.tyovaenmuseo.fi\/sv\/wp-json\/wp\/v2\/types\/page"}],"author":[{"embeddable":true,"href":"https:\/\/www.tyovaenmuseo.fi\/sv\/wp-json\/wp\/v2\/users\/1"}],"replies":[{"embeddable":true,"href":"https:\/\/www.tyovaenmuseo.fi\/sv\/wp-json\/wp\/v2\/comments?post=2003"}],"version-history":[{"count":13,"href":"https:\/\/www.tyovaenmuseo.fi\/sv\/wp-json\/wp\/v2\/pages\/2003\/revisions"}],"predecessor-version":[{"id":8477,"href":"https:\/\/www.tyovaenmuseo.fi\/sv\/wp-json\/wp\/v2\/pages\/2003\/revisions\/8477"}],"up":[{"embeddable":true,"href":"https:\/\/www.tyovaenmuseo.fi\/sv\/wp-json\/wp\/v2\/pages\/1985"}],"wp:attachment":[{"href":"https:\/\/www.tyovaenmuseo.fi\/sv\/wp-json\/wp\/v2\/media?parent=2003"}],"curies":[{"name":"wp","href":"https:\/\/api.w.org\/{rel}","templated":true}]}}