{"id":2036,"date":"2022-01-19T13:17:39","date_gmt":"2022-01-19T11:17:39","guid":{"rendered":"http:\/\/www.xn--tyvenmuseo-s5a8s.fi\/vihrea-lanka-19-11-2021-6-3-2022\/"},"modified":"2022-01-19T13:17:40","modified_gmt":"2022-01-19T11:17:40","slug":"vihrea-lanka-19-11-2021-6-3-2022","status":"publish","type":"page","link":"https:\/\/www.tyovaenmuseo.fi\/sv\/utstallningar\/just-nu\/vihrea-lanka-19-11-2021-6-3-2022\/","title":{"rendered":"VIHRE\u00c4 LANKA 19.11.2021-6.3.2022"},"content":{"rendered":"<p>[et_pb_section fb_built=&#8221;1&#8243; fullwidth=&#8221;on&#8221; _builder_version=&#8221;4.13.1&#8243; _module_preset=&#8221;default&#8221; global_colors_info=&#8221;{}&#8221;][et_pb_fullwidth_header title=&#8221;@ET-DC@eyJkeW5hbWljIjp0cnVlLCJjb250ZW50IjoicG9zdF9saW5rIiwic2V0dGluZ3MiOnsiYmVmb3JlIjoiIiwiYWZ0ZXIiOiIiLCJ0ZXh0IjoicG9zdF90aXRsZSIsImN1c3RvbV90ZXh0IjoiIn19@&#8221; text_orientation=&#8221;center&#8221; _builder_version=&#8221;4.14.1&#8243; _dynamic_attributes=&#8221;title&#8221; _module_preset=&#8221;default&#8221; title_font=&#8221;Interstate Bold|||on|||||&#8221; title_font_size=&#8221;35px&#8221; title_letter_spacing=&#8221;1px&#8221; title_line_height=&#8221;1.2em&#8221; background_color=&#8221;rgba(10,10,10,0.64)&#8221; background_image=&#8221;http:\/\/www.tyovaenmuseo.fi\/wp-content\/uploads\/2021\/12\/Werstas_nayttelyt_juuri_nyt_vihrea_lanka-1.jpg&#8221; background_blend=&#8221;overlay&#8221; min_height=&#8221;450px&#8221; min_height_tablet=&#8221;450px&#8221; min_height_phone=&#8221;300px&#8221; min_height_last_edited=&#8221;on|phone&#8221; custom_padding=&#8221;200px||||false|false&#8221; custom_padding_tablet=&#8221;200px||||false|false&#8221; custom_padding_phone=&#8221;140px||||false|false&#8221; custom_padding_last_edited=&#8221;on|phone&#8221; hover_enabled=&#8221;0&#8243; title_font_size_tablet=&#8221;35px&#8221; title_font_size_phone=&#8221;21px&#8221; title_font_size_last_edited=&#8221;on|phone&#8221; title_text_shadow_style=&#8221;preset3&#8243; title_text_shadow_blur_strength=&#8221;0.36em&#8221; title_text_shadow_color=&#8221;rgba(0,0,0,0.8)&#8221; global_colors_info=&#8221;{}&#8221; title_text=&#8221;Werstas_nayttelyt_juuri_nyt_vihrea_lanka-(1)&#8221; sticky_enabled=&#8221;0&#8243;][\/et_pb_fullwidth_header][\/et_pb_section][et_pb_section fb_built=&#8221;1&#8243; next_background_color=&#8221;#ffffff&#8221; _builder_version=&#8221;4.14.1&#8243; _module_preset=&#8221;default&#8221; background_color=&#8221;#f1f1f1&#8243; custom_padding=&#8221;||83px|||&#8221; top_divider_style=&#8221;slant&#8221; top_divider_color=&#8221;#93122a&#8221; top_divider_height=&#8221;47px&#8221; top_divider_height_tablet=&#8221;47px&#8221; top_divider_height_phone=&#8221;22px&#8221; top_divider_height_last_edited=&#8221;on|phone&#8221; bottom_divider_style=&#8221;mountains2&#8243; bottom_divider_height=&#8221;81px&#8221; bottom_divider_flip=&#8221;vertical&#8221; global_colors_info=&#8221;{}&#8221;][et_pb_row _builder_version=&#8221;4.14.1&#8243; _module_preset=&#8221;default&#8221; custom_margin=&#8221;50px|auto||auto||&#8221; custom_margin_tablet=&#8221;50px|auto||auto||&#8221; custom_margin_phone=&#8221;20px||||false|false&#8221; custom_margin_last_edited=&#8221;on|phone&#8221; global_colors_info=&#8221;{}&#8221;][et_pb_column type=&#8221;4_4&#8243; _builder_version=&#8221;4.14.1&#8243; _module_preset=&#8221;default&#8221; global_colors_info=&#8221;{}&#8221;][et_pb_text _builder_version=&#8221;4.14.1&#8243; _module_preset=&#8221;default&#8221; text_text_color=&#8221;#4f4237&#8243; text_font_size=&#8221;18px&#8221; text_line_height=&#8221;1.5em&#8221; max_width=&#8221;750px&#8221; hover_enabled=&#8221;0&#8243; text_font_size_tablet=&#8221;18px&#8221; text_font_size_phone=&#8221;16px&#8221; text_font_size_last_edited=&#8221;on|phone&#8221; text_orientation_tablet=&#8221;&#8221; text_orientation_phone=&#8221;center&#8221; text_orientation_last_edited=&#8221;on|phone&#8221; global_colors_info=&#8221;{}&#8221; sticky_enabled=&#8221;0&#8243;]<\/p>\n<p><strong>Fotoutst\u00e4llningen om bilderna i tidningen Vihre\u00e4 Lanka under tidningens f\u00f6rsta \u00e5r ber\u00e4ttar om milj\u00f6t\u00e4nkandets f\u00f6reg\u00e5ngare i Finland. Ut\u00f6ver fotografier omfattar utst\u00e4llningen ritningar av Sami Toivonen och Pekka Sauri samt intervjuer av tidningens chefredakt\u00f6rer Timo Harakka och Pauli V\u00e4lim\u00e4ki.<\/strong><\/p>\n<p>[\/et_pb_text][\/et_pb_column][\/et_pb_row][\/et_pb_section][et_pb_section fb_built=&#8221;1&#8243; _builder_version=&#8221;4.14.1&#8243; _module_preset=&#8221;default&#8221; custom_padding=&#8221;50px||74px|||&#8221; global_colors_info=&#8221;{}&#8221;][et_pb_row _builder_version=&#8221;4.14.1&#8243; _module_preset=&#8221;default&#8221; hover_enabled=&#8221;0&#8243; global_colors_info=&#8221;{}&#8221; column_structure=&#8221;1_2,1_2&#8243; sticky_enabled=&#8221;0&#8243;][et_pb_column type=&#8221;1_2&#8243; _builder_version=&#8221;4.14.1&#8243; _module_preset=&#8221;default&#8221; global_colors_info=&#8221;{}&#8221;][et_pb_text quote_border_color=&#8221;#93122A&#8221; _builder_version=&#8221;4.14.1&#8243; _module_preset=&#8221;default&#8221; text_text_color=&#8221;#404040&#8243; text_font_size=&#8221;16px&#8221; quote_text_color=&#8221;#404040&#8243; max_width=&#8221;750px&#8221; hover_enabled=&#8221;0&#8243; global_colors_info=&#8221;{}&#8221; sticky_enabled=&#8221;0&#8243;]<\/p>\n<p>Vihre\u00e4 Lanka gavs ut under \u00e5ren 1983\u20132019. Tidningen gjorde milj\u00f6medvetenheten till en del av den bredare samh\u00e4llsdebatten och var en viktig informationskanal f\u00f6r m\u00e5nga gr\u00e4srotsakt\u00f6rer som inte fick utrymme i de etablerade medierna.<\/p>\n<p>Vihre\u00e4 Lanka lades ned 2019. Tidningens pappersfotoarkiv med bilder fr\u00e5n 1980\u20131990-talen donerades till Arbetarmuseet Werstas. Av de tusentals fotografierna i arkivet har man valt 77 bilder av pionj\u00e4rer inom ekologiskt t\u00e4nkande till utst\u00e4llningen. Bildmaterialet erbjuder en unik inblick i milj\u00f6v\u00e4ckelsens historia i Finland.<\/p>\n<p>Bilderna ber\u00e4ttar om mer ansvarsfull konsumtion och \u00e5tervinning, vittnar om livlig medborgarverksamhet och aktivism samt ber\u00e4ttar om tidningens egen historia och den gr\u00f6na r\u00f6relsens utveckling.<\/p>\n<p>Ut\u00f6ver fotografierna omfattar utst\u00e4llningen ocks\u00e5 originalsk\u00e4mtteckningar, s\u00e5som milj\u00f6relaterade teckningar av Sami Toivonen som \u00e4ven \u00e4r k\u00e4nd f\u00f6r b\u00f6ckerna om Tatu och Patu samt bildrutor fr\u00e5n serien Just joo av Pekka Sauri.<\/p>\n<p>Inf\u00f6r utst\u00e4llningen intervjuades Pauli V\u00e4lim\u00e4ki och Timo Harakka som var tidningens chefredakt\u00f6rer p\u00e5 1980- och 1990-talen. Deras minnen om tidningen finns med i utst\u00e4llningen som en video.<\/p>\n<p>[\/et_pb_text][\/et_pb_column][et_pb_column type=&#8221;1_2&#8243; _builder_version=&#8221;4.14.1&#8243; _module_preset=&#8221;default&#8221; global_colors_info=&#8221;{}&#8221;][et_pb_image src=&#8221;http:\/\/www.tyovaenmuseo.fi\/wp-content\/uploads\/2021\/12\/Werstas_nayttelyt_juuri_nyt_vihrea_lanka.jpg&#8221; _builder_version=&#8221;4.14.1&#8243; _module_preset=&#8221;default&#8221; title_text=&#8221;Werstas_nayttelyt_juuri_nyt_vihrea_lanka&#8221; hover_enabled=&#8221;0&#8243; sticky_enabled=&#8221;0&#8243; custom_margin=&#8221;|||29px||&#8221; custom_margin_last_edited=&#8221;on|phone&#8221; custom_margin_phone=&#8221;|||0px|false|false&#8221; custom_margin_tablet=&#8221;30px|||0px|false|false&#8221;][\/et_pb_image][\/et_pb_column][\/et_pb_row][\/et_pb_section]<\/p>\n","protected":false},"excerpt":{"rendered":"<p>Fotoutst\u00e4llningen om bilderna i tidningen Vihre\u00e4 Lanka under tidningens f\u00f6rsta \u00e5r ber\u00e4ttar om milj\u00f6t\u00e4nkandets f\u00f6reg\u00e5ngare i Finland. Ut\u00f6ver fotografier omfattar utst\u00e4llningen ritningar av Sami Toivonen och Pekka Sauri samt intervjuer av tidningens chefredakt\u00f6rer Timo Harakka och Pauli V\u00e4lim\u00e4ki.Vihre\u00e4 Lanka gavs ut under \u00e5ren 1983\u20132019. Tidningen gjorde milj\u00f6medvetenheten till en del av den bredare samh\u00e4llsdebatten och [&hellip;]<\/p>\n","protected":false},"author":1,"featured_media":0,"parent":2346,"menu_order":0,"comment_status":"closed","ping_status":"closed","template":"","meta":{"_et_pb_use_builder":"on","_et_pb_old_content":"","_et_gb_content_width":"","footnotes":""},"class_list":["post-2036","page","type-page","status-publish","hentry"],"_links":{"self":[{"href":"https:\/\/www.tyovaenmuseo.fi\/sv\/wp-json\/wp\/v2\/pages\/2036","targetHints":{"allow":["GET"]}}],"collection":[{"href":"https:\/\/www.tyovaenmuseo.fi\/sv\/wp-json\/wp\/v2\/pages"}],"about":[{"href":"https:\/\/www.tyovaenmuseo.fi\/sv\/wp-json\/wp\/v2\/types\/page"}],"author":[{"embeddable":true,"href":"https:\/\/www.tyovaenmuseo.fi\/sv\/wp-json\/wp\/v2\/users\/1"}],"replies":[{"embeddable":true,"href":"https:\/\/www.tyovaenmuseo.fi\/sv\/wp-json\/wp\/v2\/comments?post=2036"}],"version-history":[{"count":2,"href":"https:\/\/www.tyovaenmuseo.fi\/sv\/wp-json\/wp\/v2\/pages\/2036\/revisions"}],"predecessor-version":[{"id":2038,"href":"https:\/\/www.tyovaenmuseo.fi\/sv\/wp-json\/wp\/v2\/pages\/2036\/revisions\/2038"}],"up":[{"embeddable":true,"href":"https:\/\/www.tyovaenmuseo.fi\/sv\/wp-json\/wp\/v2\/pages\/2346"}],"wp:attachment":[{"href":"https:\/\/www.tyovaenmuseo.fi\/sv\/wp-json\/wp\/v2\/media?parent=2036"}],"curies":[{"name":"wp","href":"https:\/\/api.w.org\/{rel}","templated":true}]}}